{"id":892,"date":"2025-03-18T11:57:28","date_gmt":"2025-03-18T10:57:28","guid":{"rendered":"http:\/\/devel.estv.hu\/?page_id=892"},"modified":"2025-09-10T11:22:34","modified_gmt":"2025-09-10T09:22:34","slug":"nagyito","status":"publish","type":"page","link":"http:\/\/estv.hu\/index.php\/nagyito\/","title":{"rendered":"Nagy\u00edt\u00f3"},"content":{"rendered":"\n<div class=\"wp-block-query alignwide is-layout-flow wp-block-query-is-layout-flow\"><ul class=\"columns-3 wp-block-post-template is-layout-grid wp-container-core-post-template-is-layout-572542b5 wp-block-post-template-is-layout-grid\"><li class=\"wp-block-post post-5000 post type-post status-publish format-standard has-post-thumbnail hentry category-nagyito tag-mokanszky-zoltan tag-nagyito tag-politika\">\n\n<div class=\"wp-block-group is-vertical is-layout-flex wp-container-core-group-is-layout-67500954 wp-block-group-is-layout-flex\" style=\"padding-top:30px;padding-right:30px;padding-bottom:30px;padding-left:30px\"><figure style=\"aspect-ratio:16\/9;height:200px; padding-top:0;padding-bottom:0;\" class=\"aligncenter wp-block-post-featured-image\"><a href=\"http:\/\/estv.hu\/index.php\/2026\/04\/23\/mit-var-a-vaci-fidesz-frakcio-az-uj-2-3-tol-interju-mokanszky-zoltannal\/\" target=\"_self\"  style=\"height:200px\"><img loading=\"lazy\" decoding=\"async\" width=\"1920\" height=\"1080\" src=\"http:\/\/estv.hu\/wp-content\/uploads\/2026\/04\/nagyito-mok.jpg\" class=\"attachment-post-thumbnail size-post-thumbnail wp-post-image\" alt=\"Mit v\u00e1r a v\u00e1ci Fidesz Frakci\u00f3 az \u00faj 2\/3 t\u00f3l? Interj\u00fa Mok\u00e1nszky Zolt\u00e1nnal.\" style=\"border-style:none;border-width:0px;width:100%;height:100%;object-fit:contain;\" \/><\/a><\/figure>\n\n<h3 class=\"wp-block-post-title\"><a href=\"http:\/\/estv.hu\/index.php\/2026\/04\/23\/mit-var-a-vaci-fidesz-frakcio-az-uj-2-3-tol-interju-mokanszky-zoltannal\/\" target=\"_self\" >Mit v\u00e1r a v\u00e1ci Fidesz Frakci\u00f3 az \u00faj 2\/3 t\u00f3l? Interj\u00fa Mok\u00e1nszky Zolt\u00e1nnal.<\/a><\/h3>\n\n<div class=\"has-link-color wp-elements-d6cd143b475b1f5c7fdff6b90ecc882d wp-block-post-date has-text-color has-base-color\"><time datetime=\"2026-04-23T09:51:06+02:00\">2026-04-23<\/time><\/div>\n\n<div class=\"wp-block-post-excerpt\"><p class=\"wp-block-post-excerpt__excerpt\"> <\/p><\/div><\/div>\n\n<\/li><li class=\"wp-block-post post-4997 post type-post status-publish format-standard has-post-thumbnail hentry category-nagyito tag-inotay-gergely tag-nagyito tag-politika\">\n\n<div class=\"wp-block-group is-vertical is-layout-flex wp-container-core-group-is-layout-67500954 wp-block-group-is-layout-flex\" style=\"padding-top:30px;padding-right:30px;padding-bottom:30px;padding-left:30px\"><figure style=\"aspect-ratio:16\/9;height:200px; padding-top:0;padding-bottom:0;\" class=\"aligncenter wp-block-post-featured-image\"><a href=\"http:\/\/estv.hu\/index.php\/2026\/04\/23\/mit-var-az-osszefogas-vacert-csoport-az-uj-2-3-tol-interju-inotay-gergellyel\/\" target=\"_self\"  style=\"height:200px\"><img loading=\"lazy\" decoding=\"async\" width=\"1920\" height=\"1080\" src=\"http:\/\/estv.hu\/wp-content\/uploads\/2026\/04\/nagyito-inotay.jpg\" class=\"attachment-post-thumbnail size-post-thumbnail wp-post-image\" alt=\"Mit v\u00e1r az \u00d6sszefog\u00e1s V\u00e1c\u00e9rt csoport az \u00faj 2\/3 t\u00f3l? Interj\u00fa Inotay Gergellyel.\" style=\"border-style:none;border-width:0px;width:100%;height:100%;object-fit:contain;\" \/><\/a><\/figure>\n\n<h3 class=\"wp-block-post-title\"><a href=\"http:\/\/estv.hu\/index.php\/2026\/04\/23\/mit-var-az-osszefogas-vacert-csoport-az-uj-2-3-tol-interju-inotay-gergellyel\/\" target=\"_self\" >Mit v\u00e1r az \u00d6sszefog\u00e1s V\u00e1c\u00e9rt csoport az \u00faj 2\/3 t\u00f3l? Interj\u00fa Inotay Gergellyel.<\/a><\/h3>\n\n<div class=\"has-link-color wp-elements-d6cd143b475b1f5c7fdff6b90ecc882d wp-block-post-date has-text-color has-base-color\"><time datetime=\"2026-04-23T09:49:09+02:00\">2026-04-23<\/time><\/div>\n\n<div class=\"wp-block-post-excerpt\"><p class=\"wp-block-post-excerpt__excerpt\"> <\/p><\/div><\/div>\n\n<\/li><li class=\"wp-block-post post-4914 post type-post status-publish format-standard has-post-thumbnail hentry category-nagyito\">\n\n<div class=\"wp-block-group is-vertical is-layout-flex wp-container-core-group-is-layout-67500954 wp-block-group-is-layout-flex\" style=\"padding-top:30px;padding-right:30px;padding-bottom:30px;padding-left:30px\"><figure style=\"aspect-ratio:16\/9;height:200px; padding-top:0;padding-bottom:0;\" class=\"aligncenter wp-block-post-featured-image\"><a href=\"http:\/\/estv.hu\/index.php\/2026\/04\/16\/nem-kell-a-puder-6\/\" target=\"_self\"  style=\"height:200px\"><img loading=\"lazy\" decoding=\"async\" width=\"1361\" height=\"766\" src=\"http:\/\/estv.hu\/wp-content\/uploads\/2026\/04\/Kepkivagas-40.png\" class=\"attachment-post-thumbnail size-post-thumbnail wp-post-image\" alt=\"Nem kell a p\u00fader\" style=\"border-style:none;border-width:0px;width:100%;height:100%;object-fit:contain;\" \/><\/a><\/figure>\n\n<h3 class=\"wp-block-post-title\"><a href=\"http:\/\/estv.hu\/index.php\/2026\/04\/16\/nem-kell-a-puder-6\/\" target=\"_self\" >Nem kell a p\u00fader<\/a><\/h3>\n\n<div class=\"has-link-color wp-elements-d6cd143b475b1f5c7fdff6b90ecc882d wp-block-post-date has-text-color has-base-color\"><time datetime=\"2026-04-16T13:48:55+02:00\">2026-04-16<\/time><\/div>\n\n<div class=\"wp-block-post-excerpt\"><p class=\"wp-block-post-excerpt__excerpt\">Pontatlan m\u00e9r\u00e9sek, bels\u0151 kritika hi\u00e1nya, vagy hat\u00e9konyabb mozg\u00f3s\u00edt\u00e1si strat\u00e9gia a kamp\u00e1ny alatt? T\u00f6bbek k\u00f6z\u00f6tt ezekre a k\u00e9rd\u00e9sekre keresi a v\u00e1laszt a \u201eNem kell a p\u00fader\u201d k\u00f6z\u00e9leti elemz\u0151 m\u0171sor. <\/p><\/div><\/div>\n\n<\/li><li class=\"wp-block-post post-4909 post type-post status-publish format-standard has-post-thumbnail hentry category-nagyito\">\n\n<div class=\"wp-block-group is-vertical is-layout-flex wp-container-core-group-is-layout-67500954 wp-block-group-is-layout-flex\" style=\"padding-top:30px;padding-right:30px;padding-bottom:30px;padding-left:30px\"><figure style=\"aspect-ratio:16\/9;height:200px; padding-top:0;padding-bottom:0;\" class=\"aligncenter wp-block-post-featured-image\"><a href=\"http:\/\/estv.hu\/index.php\/2026\/04\/16\/nagyito-40\/\" target=\"_self\"  style=\"height:200px\"><img loading=\"lazy\" decoding=\"async\" width=\"1359\" height=\"766\" src=\"http:\/\/estv.hu\/wp-content\/uploads\/2026\/04\/Kepkivagas-39.png\" class=\"attachment-post-thumbnail size-post-thumbnail wp-post-image\" alt=\"Nagy\u00edt\u00f3\" style=\"border-style:none;border-width:0px;width:100%;height:100%;object-fit:contain;\" \/><\/a><\/figure>\n\n<h3 class=\"wp-block-post-title\"><a href=\"http:\/\/estv.hu\/index.php\/2026\/04\/16\/nagyito-40\/\" target=\"_self\" >Nagy\u00edt\u00f3<\/a><\/h3>\n\n<div class=\"has-link-color wp-elements-d6cd143b475b1f5c7fdff6b90ecc882d wp-block-post-date has-text-color has-base-color\"><time datetime=\"2026-04-16T13:45:21+02:00\">2026-04-16<\/time><\/div>\n\n<div class=\"wp-block-post-excerpt\"><p class=\"wp-block-post-excerpt__excerpt\">A Tisza \u00faj v\u00e1ci orsz\u00e1ggy\u0171l\u00e9si k\u00e9pvisel\u0151je, Szimon Ren\u00e1ta, a Nagy\u00edt\u00f3nak adott interj\u00fat. <\/p><\/div><\/div>\n\n<\/li><li class=\"wp-block-post post-4794 post type-post status-publish format-standard has-post-thumbnail hentry category-nagyito\">\n\n<div class=\"wp-block-group is-vertical is-layout-flex wp-container-core-group-is-layout-67500954 wp-block-group-is-layout-flex\" style=\"padding-top:30px;padding-right:30px;padding-bottom:30px;padding-left:30px\"><figure style=\"aspect-ratio:16\/9;height:200px; padding-top:0;padding-bottom:0;\" class=\"aligncenter wp-block-post-featured-image\"><a href=\"http:\/\/estv.hu\/index.php\/2026\/04\/09\/nagyito-39\/\" target=\"_self\"  style=\"height:200px\"><img loading=\"lazy\" decoding=\"async\" width=\"1361\" height=\"765\" src=\"http:\/\/estv.hu\/wp-content\/uploads\/2026\/04\/Kepkivagas-15.png\" class=\"attachment-post-thumbnail size-post-thumbnail wp-post-image\" alt=\"Nagy\u00edt\u00f3\" style=\"border-style:none;border-width:0px;width:100%;height:100%;object-fit:contain;\" \/><\/a><\/figure>\n\n<h3 class=\"wp-block-post-title\"><a href=\"http:\/\/estv.hu\/index.php\/2026\/04\/09\/nagyito-39\/\" target=\"_self\" >Nagy\u00edt\u00f3<\/a><\/h3>\n\n<div class=\"has-link-color wp-elements-d6cd143b475b1f5c7fdff6b90ecc882d wp-block-post-date has-text-color has-base-color\"><time datetime=\"2026-04-09T10:59:55+02:00\">2026-04-09<\/time><\/div>\n\n<div class=\"wp-block-post-excerpt\"><p class=\"wp-block-post-excerpt__excerpt\">Szimon Ren\u00e1ta, TISZA orsz\u00e1ggy\u0171l\u00e9si k\u00e9pvisel\u0151jel\u00f6lt programja, v\u00e1ci v\u00e1laszt\u00f3ker\u00fclet. <\/p><\/div><\/div>\n\n<\/li><li class=\"wp-block-post post-4791 post type-post status-publish format-standard has-post-thumbnail hentry category-nagyito\">\n\n<div class=\"wp-block-group is-vertical is-layout-flex wp-container-core-group-is-layout-67500954 wp-block-group-is-layout-flex\" style=\"padding-top:30px;padding-right:30px;padding-bottom:30px;padding-left:30px\"><figure style=\"aspect-ratio:16\/9;height:200px; padding-top:0;padding-bottom:0;\" class=\"aligncenter wp-block-post-featured-image\"><a href=\"http:\/\/estv.hu\/index.php\/2026\/04\/09\/nagyito-38\/\" target=\"_self\"  style=\"height:200px\"><img loading=\"lazy\" decoding=\"async\" width=\"1361\" height=\"765\" src=\"http:\/\/estv.hu\/wp-content\/uploads\/2026\/04\/Kepkivagas-14.png\" class=\"attachment-post-thumbnail size-post-thumbnail wp-post-image\" alt=\"Nagy\u00edt\u00f3\" style=\"border-style:none;border-width:0px;width:100%;height:100%;object-fit:contain;\" \/><\/a><\/figure>\n\n<h3 class=\"wp-block-post-title\"><a href=\"http:\/\/estv.hu\/index.php\/2026\/04\/09\/nagyito-38\/\" target=\"_self\" >Nagy\u00edt\u00f3<\/a><\/h3>\n\n<div class=\"has-link-color wp-elements-d6cd143b475b1f5c7fdff6b90ecc882d wp-block-post-date has-text-color has-base-color\"><time datetime=\"2026-04-09T10:53:45+02:00\">2026-04-09<\/time><\/div>\n\n<div class=\"wp-block-post-excerpt\"><p class=\"wp-block-post-excerpt__excerpt\">Dr. R\u00e9tv\u00e1ri Bence, Fidesz-KDNP orsz\u00e1ggy\u0171l\u00e9si k\u00e9pvisel\u0151jel\u00f6lt programja, v\u00e1ci v\u00e1laszt\u00f3ker\u00fclet. <\/p><\/div><\/div>\n\n<\/li><\/ul>\n\n<nav class=\"alignright wp-block-query-pagination is-content-justification-center is-layout-flex wp-container-core-query-pagination-is-layout-a89b3969 wp-block-query-pagination-is-layout-flex\" aria-label=\"Lapoz\u00e1s\">\n\n\n<div class=\"wp-block-query-pagination-numbers\"><span aria-current=\"page\" class=\"page-numbers current\">1<\/span>\n<a class=\"page-numbers\" href=\"?query-85-page=2\">2<\/a>\n<a class=\"page-numbers\" href=\"?query-85-page=3\">3<\/a>\n<span class=\"page-numbers dots\">&hellip;<\/span>\n<a class=\"page-numbers\" href=\"?query-85-page=8\">8<\/a><\/div>\n\n<a href=\"\/index.php\/wp-json\/wp\/v2\/pages\/892?query-85-page=2\" class=\"wp-block-query-pagination-next\">K\u00f6vetkez\u0151 oldal<span class='wp-block-query-pagination-next-arrow is-arrow-chevron' aria-hidden='true'>\u00bb<\/span><\/a>\n<\/nav><\/div>\n\n\n\n<p><\/p>\n","protected":false},"excerpt":{"rendered":"","protected":false},"author":1,"featured_media":0,"parent":0,"menu_order":0,"comment_status":"closed","ping_status":"closed","template":"","meta":{"footnotes":""},"class_list":["post-892","page","type-page","status-publish","hentry"],"_links":{"self":[{"href":"http:\/\/estv.hu\/index.php\/wp-json\/wp\/v2\/pages\/892","targetHints":{"allow":["GET"]}}],"collection":[{"href":"http:\/\/estv.hu\/index.php\/wp-json\/wp\/v2\/pages"}],"about":[{"href":"http:\/\/estv.hu\/index.php\/wp-json\/wp\/v2\/types\/page"}],"author":[{"embeddable":true,"href":"http:\/\/estv.hu\/index.php\/wp-json\/wp\/v2\/users\/1"}],"replies":[{"embeddable":true,"href":"http:\/\/estv.hu\/index.php\/wp-json\/wp\/v2\/comments?post=892"}],"version-history":[{"count":2,"href":"http:\/\/estv.hu\/index.php\/wp-json\/wp\/v2\/pages\/892\/revisions"}],"predecessor-version":[{"id":1061,"href":"http:\/\/estv.hu\/index.php\/wp-json\/wp\/v2\/pages\/892\/revisions\/1061"}],"wp:attachment":[{"href":"http:\/\/estv.hu\/index.php\/wp-json\/wp\/v2\/media?parent=892"}],"curies":[{"name":"wp","href":"https:\/\/api.w.org\/{rel}","templated":true}]}}