{"id":944,"date":"2025-09-09T11:46:28","date_gmt":"2025-09-09T09:46:28","guid":{"rendered":"http:\/\/estv.hu\/?page_id=944"},"modified":"2025-09-10T11:22:26","modified_gmt":"2025-09-10T09:22:26","slug":"hazai","status":"publish","type":"page","link":"http:\/\/estv.hu\/index.php\/hazai\/","title":{"rendered":"Hazai"},"content":{"rendered":"\n<div class=\"wp-block-query alignwide is-layout-flow wp-block-query-is-layout-flow\"><ul class=\"columns-3 wp-block-post-template is-layout-grid wp-container-core-post-template-is-layout-df04f24e wp-block-post-template-is-layout-grid\"><li class=\"wp-block-post post-6555 post type-post status-publish format-standard has-post-thumbnail hentry category-hazai\">\n\n<div class=\"wp-block-group is-vertical is-layout-flex wp-container-core-group-is-layout-2e354183 wp-block-group-is-layout-flex\" style=\"padding-top:30px;padding-right:30px;padding-bottom:30px;padding-left:30px\"><figure style=\"padding-top:0;padding-bottom:0\" class=\"aligncenter wp-block-post-featured-image\"><a href=\"http:\/\/estv.hu\/index.php\/2026\/08\/19\/fehervarine-toth-helga-a-tragor-ignac-muzeum-igazgatoja-a-hazaiban\/\" target=\"_self\" ><img loading=\"lazy\" decoding=\"async\" width=\"1920\" height=\"1080\" src=\"http:\/\/estv.hu\/wp-content\/uploads\/2026\/08\/vlcsnap-2026-07-16-11h30m30s340.png\" class=\"attachment-post-thumbnail size-post-thumbnail wp-post-image\" alt=\"Feh\u00e9rv\u00e1rin\u00e9 T\u00f3th Helga, a Tragor Ign\u00e1c M\u00fazeum igazgat\u00f3ja a Hazaiban\" style=\"border-style:none;border-width:0px;aspect-ratio:16\/9;width:100%;height:200px;object-fit:contain;\" \/><\/a><\/figure>\n\n<h3 class=\"wp-block-post-title\"><a href=\"http:\/\/estv.hu\/index.php\/2026\/08\/19\/fehervarine-toth-helga-a-tragor-ignac-muzeum-igazgatoja-a-hazaiban\/\" target=\"_self\" >Feh\u00e9rv\u00e1rin\u00e9 T\u00f3th Helga, a Tragor Ign\u00e1c M\u00fazeum igazgat\u00f3ja a Hazaiban<\/a><\/h3>\n\n<div class=\"has-link-color wp-elements-1 wp-block-post-date has-text-color has-base-color\"><time datetime=\"2026-08-19T10:37:49+02:00\">2026-08-19<\/time><\/div>\n\n<div class=\"wp-block-post-excerpt\"><p class=\"wp-block-post-excerpt__excerpt\">A V\u00e1ci Vil\u00e1gi Vigalom alatt k\u00e9t helysz\u00ednen is megtekintheti a Forte Fot\u00f3klub ki\u00e1ll\u00edt\u00e1sait. A \u201eTIM 130 mozaik\u201d c\u00edm\u0171 t\u00e1rlat j\u00falius 15-t\u0151l november 15-ig l\u00e1togathat\u00f3, a \u201eV\u00edzparti \u00e9let\u201d c\u00edm\u0171 ki\u00e1ll\u00edt\u00e1s pedig j\u00falius 15-\u00e9n, 17:30-kor ny\u00edlik a Margar\u00e9ta K\u00e1v\u00e9h\u00e1zban. A ki\u00e1ll\u00edt\u00e1s egyedi mozaikk\u00e9nt rakja \u00f6ssze a v\u00e1ros \u00e9s a m\u00fazeum t\u00f6rt\u00e9net\u00e9t. A fot\u00f3sok lencs\u00e9j\u00e9n kereszt\u00fcl megelevenednek V\u00e1c&hellip; <\/p><\/div><\/div>\n\n<\/li><li class=\"wp-block-post post-6552 post type-post status-publish format-standard has-post-thumbnail hentry category-hazai\">\n\n<div class=\"wp-block-group is-vertical is-layout-flex wp-container-core-group-is-layout-2e354183 wp-block-group-is-layout-flex\" style=\"padding-top:30px;padding-right:30px;padding-bottom:30px;padding-left:30px\"><figure style=\"padding-top:0;padding-bottom:0\" class=\"aligncenter wp-block-post-featured-image\"><a href=\"http:\/\/estv.hu\/index.php\/2026\/08\/19\/dorozsmai-peter-a-koral-emlekzenekar-tagja-a-hazaiban\/\" target=\"_self\" ><img loading=\"lazy\" decoding=\"async\" width=\"4032\" height=\"3024\" src=\"http:\/\/estv.hu\/wp-content\/uploads\/2026\/08\/IMG_7543.jpg\" class=\"attachment-post-thumbnail size-post-thumbnail wp-post-image\" alt=\"Dorozsmai P\u00e9ter, a Kor\u00e1l Eml\u00e9kzenekar tagja a Hazaiban\" style=\"border-style:none;border-width:0px;aspect-ratio:16\/9;width:100%;height:200px;object-fit:contain;\" \/><\/a><\/figure>\n\n<h3 class=\"wp-block-post-title\"><a href=\"http:\/\/estv.hu\/index.php\/2026\/08\/19\/dorozsmai-peter-a-koral-emlekzenekar-tagja-a-hazaiban\/\" target=\"_self\" >Dorozsmai P\u00e9ter, a Kor\u00e1l Eml\u00e9kzenekar tagja a Hazaiban<\/a><\/h3>\n\n<div class=\"has-link-color wp-elements-2 wp-block-post-date has-text-color has-base-color\"><time datetime=\"2026-08-19T10:36:26+02:00\">2026-08-19<\/time><\/div>\n\n<div class=\"wp-block-post-excerpt\"><p class=\"wp-block-post-excerpt__excerpt\">A Kor\u00e1l \u2013 Bal\u00e1zs Fec\u00f3 75 eml\u00e9kkoncert \u201eAmit m\u00e9g nem mondhattam el&#8230;\u201d c\u00edmmel 2026. m\u00e1jus 9-\u00e9n ker\u00fclt megrendez\u00e9sre a Papp L\u00e1szl\u00f3 Budapest Sportar\u00e9n\u00e1ban. Az grandi\u00f3zus esem\u00e9ny m\u00e9lt\u00f3 m\u00f3don \u00e1ll\u00edtott eml\u00e9ket a legend\u00e1s \u00e9nekes-dalszerz\u0151nek sz\u00fclet\u00e9s\u00e9nek 75. \u00e9vfordul\u00f3ja alkalm\u00e1b\u00f3l. <\/p><\/div><\/div>\n\n<\/li><li class=\"wp-block-post post-6549 post type-post status-publish format-standard has-post-thumbnail hentry category-hazai\">\n\n<div class=\"wp-block-group is-vertical is-layout-flex wp-container-core-group-is-layout-2e354183 wp-block-group-is-layout-flex\" style=\"padding-top:30px;padding-right:30px;padding-bottom:30px;padding-left:30px\"><figure style=\"padding-top:0;padding-bottom:0\" class=\"aligncenter wp-block-post-featured-image\"><a href=\"http:\/\/estv.hu\/index.php\/2026\/08\/19\/hope-for-better-zenekar-a-hazaiban\/\" target=\"_self\" ><img loading=\"lazy\" decoding=\"async\" width=\"1280\" height=\"720\" src=\"http:\/\/estv.hu\/wp-content\/uploads\/2026\/08\/vlcsnap-2026-07-16-11h52m05s426.png\" class=\"attachment-post-thumbnail size-post-thumbnail wp-post-image\" alt=\"Hope for Better zenekar a Hazaiban\" style=\"border-style:none;border-width:0px;aspect-ratio:16\/9;width:100%;height:200px;object-fit:contain;\" \/><\/a><\/figure>\n\n<h3 class=\"wp-block-post-title\"><a href=\"http:\/\/estv.hu\/index.php\/2026\/08\/19\/hope-for-better-zenekar-a-hazaiban\/\" target=\"_self\" >Hope for Better zenekar a Hazaiban<\/a><\/h3>\n\n<div class=\"has-link-color wp-elements-3 wp-block-post-date has-text-color has-base-color\"><time datetime=\"2026-08-19T10:34:47+02:00\">2026-08-19<\/time><\/div>\n\n<div class=\"wp-block-post-excerpt\"><p class=\"wp-block-post-excerpt__excerpt\">A budapesti sz\u00e9khely\u0171 Hope for Better egy 2024-ben indult, \u00f6ttag\u00fa pop-rock csapat, amelynek zen\u00e9j\u00e9ben hard rock elemek is felfedezhet\u0151k. A zenekart Smid Attila \u00e9s Sz\u00f6k\u0151cs D\u00e1niel alap\u00edtotta, akikhez 2026 janu\u00e1rj\u00e1ban Bel\u00e1z-Munk\u00e1csy M\u00e1rk \u00e9s tov\u00e1bbi vend\u00e9gzen\u00e9szek csatlakoztak. Legut\u00f3bbi hivatalos bejelent\u00e9s\u00fck szerint 2026 j\u00fanius\u00e1t\u00f3l \u00fatjai elv\u00e1ltak az \u00e9nekes-alap\u00edt\u00f3 Sz\u00f6k\u0151cs D\u00e1niellel, de a csapat a v\u00e1ltoz\u00e1sok ellen\u00e9re akt\u00edvan&hellip; <\/p><\/div><\/div>\n\n<\/li><li class=\"wp-block-post post-6437 post type-post status-publish format-standard has-post-thumbnail hentry category-hazai\">\n\n<div class=\"wp-block-group is-vertical is-layout-flex wp-container-core-group-is-layout-2e354183 wp-block-group-is-layout-flex\" style=\"padding-top:30px;padding-right:30px;padding-bottom:30px;padding-left:30px\"><figure style=\"padding-top:0;padding-bottom:0\" class=\"aligncenter wp-block-post-featured-image\"><a href=\"http:\/\/estv.hu\/index.php\/2026\/08\/11\/gant-segal-a-hazaiban\/\" target=\"_self\" ><img loading=\"lazy\" decoding=\"async\" width=\"1317\" height=\"733\" src=\"http:\/\/estv.hu\/wp-content\/uploads\/2026\/08\/haz-2.png\" class=\"attachment-post-thumbnail size-post-thumbnail wp-post-image\" alt=\"Gant Segal a Hazaiban\" style=\"border-style:none;border-width:0px;aspect-ratio:16\/9;width:100%;height:200px;object-fit:contain;\" \/><\/a><\/figure>\n\n<h3 class=\"wp-block-post-title\"><a href=\"http:\/\/estv.hu\/index.php\/2026\/08\/11\/gant-segal-a-hazaiban\/\" target=\"_self\" >Gant Segal a Hazaiban<\/a><\/h3>\n\n<div class=\"has-link-color wp-elements-4 wp-block-post-date has-text-color has-base-color\"><time datetime=\"2026-08-11T15:44:22+02:00\">2026-08-11<\/time><\/div>\n\n<div class=\"wp-block-post-excerpt\"><p class=\"wp-block-post-excerpt__excerpt\">Dunakanyari fiatalokb\u00f3l \u00e1ll a Gant Segal egy\u00fcttes, akik rendszeres fell\u00e9p\u0151i a region\u00e1lis kultur\u00e1lis esem\u00e9nyeknek, \u00edgy most a Vigalomnak is, j\u00f6v\u0151 szombaton. A st\u00fadi\u00f3ban M\u00e9hes Sipos Ter\u00e9zzel \u00e9s M\u00e9hes-Sipos Zsolttal besz\u00e9lget\u00fcnk. <\/p><\/div><\/div>\n\n<\/li><li class=\"wp-block-post post-6434 post type-post status-publish format-standard has-post-thumbnail hentry category-hazai\">\n\n<div class=\"wp-block-group is-vertical is-layout-flex wp-container-core-group-is-layout-2e354183 wp-block-group-is-layout-flex\" style=\"padding-top:30px;padding-right:30px;padding-bottom:30px;padding-left:30px\"><figure style=\"padding-top:0;padding-bottom:0\" class=\"aligncenter wp-block-post-featured-image\"><a href=\"http:\/\/estv.hu\/index.php\/2026\/08\/11\/szepesi-matyas-a-hazaiban\/\" target=\"_self\" ><img loading=\"lazy\" decoding=\"async\" width=\"1346\" height=\"754\" src=\"http:\/\/estv.hu\/wp-content\/uploads\/2026\/08\/haz-1.png\" class=\"attachment-post-thumbnail size-post-thumbnail wp-post-image\" alt=\"Szepesi M\u00e1ty\u00e1s a Hazaiban\" style=\"border-style:none;border-width:0px;aspect-ratio:16\/9;width:100%;height:200px;object-fit:contain;\" \/><\/a><\/figure>\n\n<h3 class=\"wp-block-post-title\"><a href=\"http:\/\/estv.hu\/index.php\/2026\/08\/11\/szepesi-matyas-a-hazaiban\/\" target=\"_self\" >Szepesi M\u00e1ty\u00e1s a Hazaiban<\/a><\/h3>\n\n<div class=\"has-link-color wp-elements-5 wp-block-post-date has-text-color has-base-color\"><time datetime=\"2026-08-11T15:42:47+02:00\">2026-08-11<\/time><\/div>\n\n<div class=\"wp-block-post-excerpt\"><p class=\"wp-block-post-excerpt__excerpt\">Eddig 6 nagylemeze jelent meg a nemr\u00e9giben 15 \u00e9ves jubileum\u00e1t \u00fcnnepl\u0151 Konyha zenekarnak, akik j\u00falius 17-\u00e9n p\u00e9nteken, a f\u0151t\u00e9ri sz\u00ednpadon l\u00e9pnek majd fel. A v\u00e1ci koncertr\u0151l \u00e9s egy\u00e9b ny\u00e1ri esem\u00e9nyekr\u0151l is besz\u00e9lget\u00fcnk Szepesi M\u00e1ty\u00e1ssal a st\u00fadi\u00f3ban. <\/p><\/div><\/div>\n\n<\/li><li class=\"wp-block-post post-6427 post type-post status-publish format-standard has-post-thumbnail hentry category-hazai\">\n\n<div class=\"wp-block-group is-vertical is-layout-flex wp-container-core-group-is-layout-2e354183 wp-block-group-is-layout-flex\" style=\"padding-top:30px;padding-right:30px;padding-bottom:30px;padding-left:30px\"><figure style=\"padding-top:0;padding-bottom:0\" class=\"aligncenter wp-block-post-featured-image\"><a href=\"http:\/\/estv.hu\/index.php\/2026\/08\/07\/rockomotiv-bt-a-hazaiban\/\" target=\"_self\" ><img loading=\"lazy\" decoding=\"async\" width=\"1893\" height=\"1030\" src=\"http:\/\/estv.hu\/wp-content\/uploads\/2026\/08\/haz.png\" class=\"attachment-post-thumbnail size-post-thumbnail wp-post-image\" alt=\"Rockomot\u00edv Bt. a Hazaiban\" style=\"border-style:none;border-width:0px;aspect-ratio:16\/9;width:100%;height:200px;object-fit:contain;\" \/><\/a><\/figure>\n\n<h3 class=\"wp-block-post-title\"><a href=\"http:\/\/estv.hu\/index.php\/2026\/08\/07\/rockomotiv-bt-a-hazaiban\/\" target=\"_self\" >Rockomot\u00edv Bt. a Hazaiban<\/a><\/h3>\n\n<div class=\"has-link-color wp-elements-6 wp-block-post-date has-text-color has-base-color\"><time datetime=\"2026-08-07T09:03:29+02:00\">2026-08-07<\/time><\/div>\n\n<div class=\"wp-block-post-excerpt\"><p class=\"wp-block-post-excerpt__excerpt\">Az LGT tisztelet\u00e9re j\u00f6tt l\u00e9tre a Rockomot\u00edv Bt., akiket ez\u00fattal j\u00falius 17-\u00e9n, p\u00e9nteken a Duna-parti nagyszn\u00edpadon l\u00e1that \u00e9s hallhat a k\u00f6z\u00f6ns\u00e9g a Vigalmon. <\/p><\/div><\/div>\n\n<\/li><\/ul>\n\n<nav class=\"alignright wp-block-query-pagination is-content-justification-center is-layout-flex wp-container-core-query-pagination-is-layout-b29d4327 wp-block-query-pagination-is-layout-flex\" aria-label=\"Lapoz\u00e1s\">\n\n\n<div class=\"wp-block-query-pagination-numbers\"><span aria-current=\"page\" class=\"page-numbers current\">1<\/span>\n<a class=\"page-numbers\" href=\"?query-85-page=2\">2<\/a>\n<a class=\"page-numbers\" href=\"?query-85-page=3\">3<\/a>\n<span class=\"page-numbers dots\">&hellip;<\/span>\n<a class=\"page-numbers\" href=\"?query-85-page=26\">26<\/a><\/div>\n\n<a href=\"\/index.php\/wp-json\/wp\/v2\/pages\/944?query-85-page=2\" class=\"wp-block-query-pagination-next\">K\u00f6vetkez\u0151 oldal<span class='wp-block-query-pagination-next-arrow is-arrow-chevron' aria-hidden='true'>\u00bb<\/span><\/a>\n<\/nav><\/div>\n\n\n\n<p class=\"wp-block-paragraph\"><\/p>\n","protected":false},"excerpt":{"rendered":"","protected":false},"author":1,"featured_media":0,"parent":0,"menu_order":0,"comment_status":"closed","ping_status":"closed","template":"","meta":{"footnotes":""},"class_list":["post-944","page","type-page","status-publish","hentry"],"_links":{"self":[{"href":"http:\/\/estv.hu\/index.php\/wp-json\/wp\/v2\/pages\/944","targetHints":{"allow":["GET"]}}],"collection":[{"href":"http:\/\/estv.hu\/index.php\/wp-json\/wp\/v2\/pages"}],"about":[{"href":"http:\/\/estv.hu\/index.php\/wp-json\/wp\/v2\/types\/page"}],"author":[{"embeddable":true,"href":"http:\/\/estv.hu\/index.php\/wp-json\/wp\/v2\/users\/1"}],"replies":[{"embeddable":true,"href":"http:\/\/estv.hu\/index.php\/wp-json\/wp\/v2\/comments?post=944"}],"version-history":[{"count":2,"href":"http:\/\/estv.hu\/index.php\/wp-json\/wp\/v2\/pages\/944\/revisions"}],"predecessor-version":[{"id":1059,"href":"http:\/\/estv.hu\/index.php\/wp-json\/wp\/v2\/pages\/944\/revisions\/1059"}],"wp:attachment":[{"href":"http:\/\/estv.hu\/index.php\/wp-json\/wp\/v2\/media?parent=944"}],"curies":[{"name":"wp","href":"https:\/\/api.w.org\/{rel}","templated":true}]}}